{"id":63,"date":"2012-03-10T12:18:31","date_gmt":"2012-03-10T12:18:31","guid":{"rendered":"http:\/\/www.bjoern-candidus.de\/wordpress\/?page_id=63"},"modified":"2018-07-16T15:05:51","modified_gmt":"2018-07-16T15:05:51","slug":"vita","status":"publish","type":"page","link":"http:\/\/www.bjoern-candidus.de\/wordpress\/?page_id=63","title":{"rendered":"VITA"},"content":{"rendered":"<p><strong>VITA<br \/>\n<\/strong><\/p>\n<p>Bjoern Candidus wurde 1981 in Leverkusen geboren und lebt heute in K\u00f6ln.<\/p>\n<p>Nach einem Studium als Zeichner und Karikaturist gr\u00fcndete er 2008 mit Michelle Kluge den Michelle-Kluge-Komplex &#8211; eine unabh\u00e4ngige K\u00fcnstlergruppe. Es folgten einige Ausstellungen bis sich die Gruppe im Jahr 2013 aufl\u00f6ste.<\/p>\n<p>Seine teils surrealistischen Werke erz\u00e4hlen Geschichten voller Wunder, Tr\u00e4ume und Schrecken. Die Bilder sind oft Reaktionen auf t\u00e4gliche Wahrnehmungen und Empfindungen, die an der Oberfl\u00e4che zu Gem\u00e4lden oder Zeichnungen werden m\u00fcssen. Dabei setzt der bekennende Autodidakt auf sehr unterschiedliche Stile und Techniken.<\/p>\n<p><strong>&#8222;Kunst ist eine Suche, an deren Ende der Tod lauert.&#8220;<\/strong>&nbsp;<\/p>\n<p>&nbsp;<\/p>\n<p><a href=\" http:\/\/www.michelle-kluge-komplex.de\/kuenstler_candidus.html\">Kurz-Portrait: http:\/\/www.michelle-kluge-komplex.de\/kuenstler_candidus.html<\/a><\/p>\n<div id=\"attachment_4638\" style=\"width: 187px\" class=\"wp-caption alignnone\"><a href=\"http:\/\/www.bjoern-candidus.de\/wordpress\/wp-content\/uploads\/2016\/02\/K800_candidus_die_welt_hat_zaehne.jpg\" rel=\"attachment wp-att-4638\"><img loading=\"lazy\" decoding=\"async\" aria-describedby=\"caption-attachment-4638\" class=\" wp-image-4638\" src=\"http:\/\/www.bjoern-candidus.de\/wordpress\/wp-content\/uploads\/2016\/02\/K800_candidus_die_welt_hat_zaehne.jpg\" alt=\"DIE WELT HAT Z\u00c4HNE\" width=\"177\" height=\"347\"><\/a><p id=\"caption-attachment-4638\" class=\"wp-caption-text\">DIE WELT HAT Z\u00c4HNE<\/p><\/div>\n<p><strong>Ver\u00f6ffentlichungen:<\/strong><\/p>\n<p>2018: Cover-Artwork f\u00fcr DJ PHONEYs Download-Single LOCKED-IN<\/p>\n<div id=\"attachment_6838\" style=\"width: 269px\" class=\"wp-caption alignnone\"><a href=\"http:\/\/www.bjoern-candidus.de\/wordpress\/wp-content\/uploads\/2018\/07\/candidus_djphoney_locked-in_fbbanner-2.jpg\"><img loading=\"lazy\" decoding=\"async\" aria-describedby=\"caption-attachment-6838\" class=\" wp-image-6838\" src=\"http:\/\/www.bjoern-candidus.de\/wordpress\/wp-content\/uploads\/2018\/07\/candidus_djphoney_locked-in_fbbanner-2.jpg\" alt=\"Cover-Artwork f\u00fcr DJ PHONEYs Download-Single LOCKED-IN\" width=\"259\" height=\"241\"><\/a><p id=\"caption-attachment-6838\" class=\"wp-caption-text\">Cover-Artwork f\u00fcr DJ PHONEYs Download-Single LOCKED-IN<\/p><\/div>\n<p>2018: Doppelseite im U-COMIX Magazin Nr. 197 (3-D Ausgabe)<\/p>\n<p><a href=\"http:\/\/www.bjoern-candidus.de\/wordpress\/wp-content\/uploads\/2018\/07\/u_comix.jpg\"><img loading=\"lazy\" decoding=\"async\" class=\"alignnone wp-image-6840\" src=\"http:\/\/www.bjoern-candidus.de\/wordpress\/wp-content\/uploads\/2018\/07\/u_comix.jpg\" alt=\"\" width=\"171\" height=\"247\"><\/a><\/p>\n<p>2017: K\u00fcnstler-Portrait im SCHLAGZEILEN (Ausgabe 155)<\/p>\n<p><a href=\"http:\/\/www.bjoern-candidus.de\/wordpress\/wp-content\/uploads\/2018\/07\/candidus_schlagzeilen.jpg\"><img loading=\"lazy\" decoding=\"async\" class=\"alignnone wp-image-6841\" src=\"http:\/\/www.bjoern-candidus.de\/wordpress\/wp-content\/uploads\/2018\/07\/candidus_schlagzeilen.jpg\" alt=\"\" width=\"170\" height=\"239\"><\/a><\/p>\n<p><strong>Ausstellungs\u00fcbersicht:<\/strong><\/p>\n<p>M\u00e4rz 2016<\/p>\n<p>DIE WELT HAT Z\u00c4HNE<br \/>\nGruppenausstellung<br \/>\n(Alte Feuerwache \/ K\u00f6ln)<\/p>\n<p>September \/ Oktober 2012<br \/>\nZw\u00f6lfte Gruppenausstellung des Michelle-Kluge-Komplex<br \/>\nMOBY DICK &#8211; Eine Kunstausstellung \u00fcber Inspiration &amp; Intuition<br \/>\n(Historisches Rathaus der Stadt K\u00f6ln)<\/p>\n<p>November 2011<br \/>\nElfte Gruppenausstellung des Michelle-Kluge-Komplex<br \/>\n\u201ePrivat ist modern 3 \u2013 Mitbringen\u201c<br \/>\n(Hansaring \/ K\u00f6ln)<\/p>\n<p>M\u00e4rz 2011<br \/>\nAchte Gruppenausstellung des Michelle-Kluge-Komplex<br \/>\n\u201eAcht haben\u201c<br \/>\n(AVG K\u00f6lner M\u00fcllverbrennung \/ K\u00f6ln)<\/p>\n<p>Januar 2011<br \/>\nGruppenausstellung Crossart K\u00f6ln \u2013 Wien<br \/>\n(Galerie Scratchart \/ K\u00f6ln &amp; Vienna-Travelgallery \/ Wien \u2013 \u00d6stereich)<\/p>\n<p>Dezember 2010<br \/>\nSiebte Gruppenausstellung des Michelle-Kluge-Komplex<br \/>\n\u201ePrivat ist modern 2 \u2013 Weihnachten ist privat\u201c<br \/>\n(Hansaring \/ K\u00f6ln)<\/p>\n<p>Oktober 2010<br \/>\nGruppenausstellung Crossart Witten<br \/>\n(Galerie Rabenluft \/ Witten)<\/p>\n<p>August 2010<br \/>\nSechste Gruppenausstellung des Michelle-Kluge-Komplex<br \/>\n\u201eKunst zieht an\u201c<br \/>\n(Alte Feuerwache \/ K\u00f6ln)<\/p>\n<p>August 2010<br \/>\nF\u00fcnfte Gruppenausstellung des Michelle-Kluge-Komplex<br \/>\n\u201ePrivat ist Modern\u201c<br \/>\n(Hansaring \/ K\u00f6ln)<\/p>\n<p>M\u00e4rz 2010<br \/>\nZweite Crossart Gruppenausstellung K\u00f6ln \u2013 W\u00fcrzburg<br \/>\n(Galerie Scratchart \/ K\u00f6ln &amp; Kunstforum W\u00fcrzburg)<\/p>\n<p>Februar 2010<br \/>\nVierte Gruppenausstellung des Michelle-Kluge-Komplex<br \/>\n\u201eKunst macht Theater\u201c<br \/>\n(Erstes K\u00f6lner Wohnzimmertheater \/ K\u00f6ln)<\/p>\n<p>Januar 2010<br \/>\nGruppenausstellung Crossart K\u00f6ln \u2013 D\u00fcsseldorf<br \/>\n(Galerie Scratchart \/ K\u00f6ln &amp; Galerie Kunstm\u00fcllerei \/ D\u00fcsseldorf)<\/p>\n<p>September \/ Oktober 2009<br \/>\nDritte Gruppenausstellung des Michelle-Kluge-Komplex<br \/>\n\u201eDie Salons\u201c<br \/>\n(Galerie Scratch-Art \/ K\u00f6ln)<\/p>\n<p>Juni 2009<br \/>\nZweite Gruppenausstellung des Michelle-Kluge-Komplex<br \/>\n\u201eKunst kann lesen\u201c<br \/>\n(Alte Feuerwache \/ K\u00f6ln)<\/p>\n<p>Januar 2009<br \/>\nErste Gruppenausstellung des Michelle-Kluge-Komplex<br \/>\n(Plankgasse \/ Altstadt-Nord \/ K\u00f6ln)<\/p>\n","protected":false},"excerpt":{"rendered":"<p>VITA Bjoern Candidus wurde 1981 in Leverkusen geboren und lebt heute in K\u00f6ln. Nach einem Studium als Zeichner und Karikaturist gr\u00fcndete er 2008 mit Michelle Kluge den Michelle-Kluge-Komplex &#8211; eine unabh\u00e4ngige K\u00fcnstlergruppe. Es folgten einige Ausstellungen bis sich die Gruppe &hellip; <a href=\"http:\/\/www.bjoern-candidus.de\/wordpress\/?page_id=63\">Weiterlesen <span class=\"meta-nav\">&rarr;<\/span><\/a><\/p>\n","protected":false},"author":1,"featured_media":0,"parent":0,"menu_order":0,"comment_status":"closed","ping_status":"closed","template":"","meta":{"ngg_post_thumbnail":0,"footnotes":""},"class_list":["post-63","page","type-page","status-publish","hentry"],"_links":{"self":[{"href":"http:\/\/www.bjoern-candidus.de\/wordpress\/index.php?rest_route=\/wp\/v2\/pages\/63","targetHints":{"allow":["GET"]}}],"collection":[{"href":"http:\/\/www.bjoern-candidus.de\/wordpress\/index.php?rest_route=\/wp\/v2\/pages"}],"about":[{"href":"http:\/\/www.bjoern-candidus.de\/wordpress\/index.php?rest_route=\/wp\/v2\/types\/page"}],"author":[{"embeddable":true,"href":"http:\/\/www.bjoern-candidus.de\/wordpress\/index.php?rest_route=\/wp\/v2\/users\/1"}],"replies":[{"embeddable":true,"href":"http:\/\/www.bjoern-candidus.de\/wordpress\/index.php?rest_route=%2Fwp%2Fv2%2Fcomments&post=63"}],"version-history":[{"count":54,"href":"http:\/\/www.bjoern-candidus.de\/wordpress\/index.php?rest_route=\/wp\/v2\/pages\/63\/revisions"}],"predecessor-version":[{"id":6842,"href":"http:\/\/www.bjoern-candidus.de\/wordpress\/index.php?rest_route=\/wp\/v2\/pages\/63\/revisions\/6842"}],"wp:attachment":[{"href":"http:\/\/www.bjoern-candidus.de\/wordpress\/index.php?rest_route=%2Fwp%2Fv2%2Fmedia&parent=63"}],"curies":[{"name":"wp","href":"https:\/\/api.w.org\/{rel}","templated":true}]}}